{"id":11378,"date":"2025-08-12T09:56:02","date_gmt":"2025-08-12T09:56:02","guid":{"rendered":"https:\/\/flamen.cz\/sklokeramicka-kamna\/"},"modified":"2025-08-12T12:54:19","modified_gmt":"2025-08-12T12:54:19","slug":"sklokeramicke-kachle","status":"publish","type":"page","link":"https:\/\/flamen.cz\/sk\/sklokeramicke-kachle\/","title":{"rendered":"Sklokeramick\u00e9 kachle"},"content":{"rendered":"<h2>Sklokeramick\u00e9 kachle MAGNA<br \/>\nzo 100% recyklovan\u00e9ho skla<\/h2>\n<p><strong>Sklokeramick\u00e1 krbov\u00e1 kamna MAGNA<\/strong>\u00a0kombinuj\u00ed ekologick\u00fd p\u0159\u00edstup, kvalitn\u00ed zpracov\u00e1n\u00ed a nad\u010dasov\u00fd design. Jsou vyrobena\u00a0<strong>s ohledem na p\u0159\u00edrodu<\/strong>\u00a0a skv\u011ble zapadnou do ka\u017ed\u00e9ho projektu, kde hraje roli estetika i odpov\u011bdnost v\u016f\u010di \u017eivotn\u00edmu prost\u0159ed\u00ed.<\/p>\n<p>Sklokeramika p\u0159edstavuje formu udr\u017eitelnosti v designu t\u00edm, \u017ee vyu\u017e\u00edv\u00e1 recyklovan\u00e9 sklo. A\u0165 u\u017e se jedn\u00e1 o <em>zbytky sol\u00e1rn\u00edch \u010dl\u00e1nk\u016f nebo skla z\u00a0lahv\u00ed miner\u00e1ln\u00ed vody, piva a \u0161ampa\u0148sk\u00e9ho.<\/em><\/p>\n<p>Nab\u00edz\u00edme sklokeramick\u00e1 krbov\u00e1 kamna MAGNA od zna\u010dky CB-tec.<\/p>\n<p>&nbsp;<\/p>\n<p id=\"tw-target-text\" class=\"tw-data-text tw-text-large tw-ta\" dir=\"ltr\" data-placeholder=\"P\u0159eklad\" data-ved=\"2ahUKEwirte3t5YSPAxUSh_0HHUAXM7cQ3ewLegQIChAV\" aria-label=\"P\u0159elo\u017een\u00fd text: Sklokeramick\u00e9 krbov\u00e9 kachle MAGNA kombinuj\u00fa ekologick\u00fd pr\u00edstup, kvalitn\u00e9 spracovanie a nad\u010dasov\u00fd dizajn. S\u00fa vyroben\u00e9 s oh\u013eadom na pr\u00edrodu a skvele zapadn\u00fa do ka\u017ed\u00e9ho projektu, kde hr\u00e1 \u00falohu estetika i zodpovednos\u0165 vo\u010di \u017eivotn\u00e9mu prostrediu.\n\nSklokeramika predstavuje formu udr\u017eate\u013enosti v dizajne t\u00fdm, \u017ee vyu\u017e\u00edva recyklovan\u00e9 sklo. \u010ci u\u017e sa jedn\u00e1 o zvy\u0161ky sol\u00e1rnych \u010dl\u00e1nkov alebo skla z flia\u0161 miner\u00e1lnej vody, piva a \u0161ampansk\u00e9ho.\n\nPon\u00fakame sklokeramick\u00e9 krbov\u00e9 kachle MAGNA od zna\u010dky CB-tec.\"><span class=\"Y2IQFc\" lang=\"sk\"><strong>Sklokeramick\u00e9 krbov\u00e9 kachle MAGNA<\/strong> kombinuj\u00fa ekologick\u00fd pr\u00edstup, kvalitn\u00e9 spracovanie a nad\u010dasov\u00fd dizajn. S\u00fa vyroben\u00e9 <strong>s oh\u013eadom na pr\u00edrodu<\/strong> a skvele zapadn\u00fa do ka\u017ed\u00e9ho projektu, kde hr\u00e1 \u00falohu estetika i zodpovednos\u0165 vo\u010di \u017eivotn\u00e9mu prostrediu.<\/span><\/p>\n<p class=\"tw-data-text tw-text-large tw-ta\" dir=\"ltr\" data-placeholder=\"P\u0159eklad\" data-ved=\"2ahUKEwirte3t5YSPAxUSh_0HHUAXM7cQ3ewLegQIChAV\" aria-label=\"P\u0159elo\u017een\u00fd text: Sklokeramick\u00e9 krbov\u00e9 kachle MAGNA kombinuj\u00fa ekologick\u00fd pr\u00edstup, kvalitn\u00e9 spracovanie a nad\u010dasov\u00fd dizajn. S\u00fa vyroben\u00e9 s oh\u013eadom na pr\u00edrodu a skvele zapadn\u00fa do ka\u017ed\u00e9ho projektu, kde hr\u00e1 \u00falohu estetika i zodpovednos\u0165 vo\u010di \u017eivotn\u00e9mu prostrediu.\n\nSklokeramika predstavuje formu udr\u017eate\u013enosti v dizajne t\u00fdm, \u017ee vyu\u017e\u00edva recyklovan\u00e9 sklo. \u010ci u\u017e sa jedn\u00e1 o zvy\u0161ky sol\u00e1rnych \u010dl\u00e1nkov alebo skla z flia\u0161 miner\u00e1lnej vody, piva a \u0161ampansk\u00e9ho.\n\nPon\u00fakame sklokeramick\u00e9 krbov\u00e9 kachle MAGNA od zna\u010dky CB-tec.\"><span class=\"Y2IQFc\" lang=\"sk\">Sklokeramika predstavuje formu udr\u017eate\u013enosti v dizajne t\u00fdm, \u017ee vyu\u017e\u00edva recyklovan\u00e9 sklo. \u010ci u\u017e sa jedn\u00e1 o <em>zvy\u0161ky sol\u00e1rnych \u010dl\u00e1nkov alebo skla z flia\u0161 miner\u00e1lnej vody, piva a \u0161ampansk\u00e9ho<\/em>. <\/span><\/p>\n<p class=\"tw-data-text tw-text-large tw-ta\" dir=\"ltr\" data-placeholder=\"P\u0159eklad\" data-ved=\"2ahUKEwirte3t5YSPAxUSh_0HHUAXM7cQ3ewLegQIChAV\" aria-label=\"P\u0159elo\u017een\u00fd text: Sklokeramick\u00e9 krbov\u00e9 kachle MAGNA kombinuj\u00fa ekologick\u00fd pr\u00edstup, kvalitn\u00e9 spracovanie a nad\u010dasov\u00fd dizajn. S\u00fa vyroben\u00e9 s oh\u013eadom na pr\u00edrodu a skvele zapadn\u00fa do ka\u017ed\u00e9ho projektu, kde hr\u00e1 \u00falohu estetika i zodpovednos\u0165 vo\u010di \u017eivotn\u00e9mu prostrediu.\n\nSklokeramika predstavuje formu udr\u017eate\u013enosti v dizajne t\u00fdm, \u017ee vyu\u017e\u00edva recyklovan\u00e9 sklo. \u010ci u\u017e sa jedn\u00e1 o zvy\u0161ky sol\u00e1rnych \u010dl\u00e1nkov alebo skla z flia\u0161 miner\u00e1lnej vody, piva a \u0161ampansk\u00e9ho.\n\nPon\u00fakame sklokeramick\u00e9 krbov\u00e9 kachle MAGNA od zna\u010dky CB-tec.\"><span class=\"Y2IQFc\" lang=\"sk\">Pon\u00fakame sklokeramick\u00e9 krbov\u00e9 kachle MAGNA od zna\u010dky CB-tec.<\/span><\/p>\n","protected":false},"excerpt":{"rendered":"<p>Sklokeramick\u00e9 kachle MAGNA zo 100% recyklovan\u00e9ho skla Sklokeramick\u00e1 krbov\u00e1 kamna MAGNA\u00a0kombinuj\u00ed ekologick\u00fd p\u0159\u00edstup, kvalitn\u00ed zpracov\u00e1n\u00ed a nad\u010dasov\u00fd design. Jsou vyrobena\u00a0s ohledem na p\u0159\u00edrodu\u00a0a skv\u011ble zapadnou do ka\u017ed\u00e9ho projektu, kde hraje roli estetika i odpov\u011bdnost v\u016f\u010di \u017eivotn\u00edmu prost\u0159ed\u00ed. Sklokeramika p\u0159edstavuje formu udr\u017eitelnosti v designu t\u00edm, \u017ee vyu\u017e\u00edv\u00e1 recyklovan\u00e9 sklo. A\u0165 u\u017e se jedn\u00e1 o zbytky sol\u00e1rn\u00edch [&hellip;]<\/p>\n","protected":false},"author":4,"featured_media":9087,"parent":0,"menu_order":22,"comment_status":"closed","ping_status":"closed","template":"templates\/template-produkty.php","meta":{"_acf_changed":false,"footnotes":""},"class_list":["post-11378","page","type-page","status-publish","has-post-thumbnail","hentry"],"acf":[],"yoast_head":"<!-- This site is optimized with the Yoast SEO plugin v27.5 - https:\/\/yoast.com\/product\/yoast-seo-wordpress\/ -->\n<title>Sklokeramick\u00e9 kachle | Flamen Czech Republic, s.r.o.<\/title>\n<meta name=\"description\" content=\"Sklokeramick\u00e9 kachle MAGNA od CB-tec zo 100% recyklovan\u00e9ho skla. Elegantn\u00fd dizajn a oh\u013eaduplnos\u0165 k pr\u00edrode v jednom.\" \/>\n<meta name=\"robots\" content=\"index, follow, max-snippet:-1, max-image-preview:large, max-video-preview:-1\" \/>\n<link rel=\"canonical\" href=\"https:\/\/flamen.cz\/sk\/sklokeramicke-kachle\/\" \/>\n<meta property=\"og:locale\" content=\"sk_SK\" \/>\n<meta property=\"og:type\" content=\"article\" \/>\n<meta property=\"og:title\" content=\"Sklokeramick\u00e9 kachle | Flamen Czech Republic, s.r.o.\" \/>\n<meta property=\"og:description\" content=\"Sklokeramick\u00e9 kachle MAGNA od CB-tec zo 100% recyklovan\u00e9ho skla. Elegantn\u00fd dizajn a oh\u013eaduplnos\u0165 k pr\u00edrode v jednom.\" \/>\n<meta property=\"og:url\" content=\"https:\/\/flamen.cz\/sk\/sklokeramicke-kachle\/\" \/>\n<meta property=\"og:site_name\" content=\"Flamen Czech Republic, s.r.o.\" \/>\n<meta property=\"article:publisher\" content=\"https:\/\/www.facebook.com\/krbyakamnarocal\" \/>\n<meta property=\"article:modified_time\" content=\"2025-08-12T12:54:19+00:00\" \/>\n<meta property=\"og:image\" content=\"https:\/\/flamen.cz\/wp-content\/uploads\/2025\/06\/CB-tec-MAGNA-Ocean-blue-S30XL.jpg\" \/>\n\t<meta property=\"og:image:width\" content=\"2500\" \/>\n\t<meta property=\"og:image:height\" content=\"1406\" \/>\n\t<meta property=\"og:image:type\" content=\"image\/jpeg\" \/>\n<meta name=\"twitter:card\" content=\"summary_large_image\" \/>\n<meta name=\"twitter:label1\" content=\"Predpokladan\u00fd \u010das \u010d\u00edtania\" \/>\n\t<meta name=\"twitter:data1\" content=\"1 min\u00fata\" \/>\n<script type=\"application\/ld+json\" class=\"yoast-schema-graph\">{\"@context\":\"https:\\\/\\\/schema.org\",\"@graph\":[{\"@type\":\"WebPage\",\"@id\":\"https:\\\/\\\/flamen.cz\\\/sk\\\/sklokeramicke-kachle\\\/\",\"url\":\"https:\\\/\\\/flamen.cz\\\/sk\\\/sklokeramicke-kachle\\\/\",\"name\":\"Sklokeramick\u00e9 kachle | Flamen Czech Republic, s.r.o.\",\"isPartOf\":{\"@id\":\"https:\\\/\\\/flamen.cz\\\/#website\"},\"primaryImageOfPage\":{\"@id\":\"https:\\\/\\\/flamen.cz\\\/sk\\\/sklokeramicke-kachle\\\/#primaryimage\"},\"image\":{\"@id\":\"https:\\\/\\\/flamen.cz\\\/sk\\\/sklokeramicke-kachle\\\/#primaryimage\"},\"thumbnailUrl\":\"https:\\\/\\\/flamen.cz\\\/wp-content\\\/uploads\\\/2025\\\/06\\\/CB-tec-MAGNA-Ocean-blue-S30XL.jpg\",\"datePublished\":\"2025-08-12T09:56:02+00:00\",\"dateModified\":\"2025-08-12T12:54:19+00:00\",\"description\":\"Sklokeramick\u00e9 kachle MAGNA od CB-tec zo 100% recyklovan\u00e9ho skla. Elegantn\u00fd dizajn a oh\u013eaduplnos\u0165 k pr\u00edrode v jednom.\",\"breadcrumb\":{\"@id\":\"https:\\\/\\\/flamen.cz\\\/sk\\\/sklokeramicke-kachle\\\/#breadcrumb\"},\"inLanguage\":\"sk-SK\",\"potentialAction\":[{\"@type\":\"ReadAction\",\"target\":[\"https:\\\/\\\/flamen.cz\\\/sk\\\/sklokeramicke-kachle\\\/\"]}]},{\"@type\":\"ImageObject\",\"inLanguage\":\"sk-SK\",\"@id\":\"https:\\\/\\\/flamen.cz\\\/sk\\\/sklokeramicke-kachle\\\/#primaryimage\",\"url\":\"https:\\\/\\\/flamen.cz\\\/wp-content\\\/uploads\\\/2025\\\/06\\\/CB-tec-MAGNA-Ocean-blue-S30XL.jpg\",\"contentUrl\":\"https:\\\/\\\/flamen.cz\\\/wp-content\\\/uploads\\\/2025\\\/06\\\/CB-tec-MAGNA-Ocean-blue-S30XL.jpg\",\"width\":2500,\"height\":1406,\"caption\":\"Sklokeramick\u00e1 t\u0159\u00edstrann\u00e1 kamna CB-tec MAGNA v modr\u00e9m designu\"},{\"@type\":\"BreadcrumbList\",\"@id\":\"https:\\\/\\\/flamen.cz\\\/sk\\\/sklokeramicke-kachle\\\/#breadcrumb\",\"itemListElement\":[{\"@type\":\"ListItem\",\"position\":1,\"name\":\"Dom\u016f\",\"item\":\"https:\\\/\\\/flamen.cz\\\/sk\\\/\"},{\"@type\":\"ListItem\",\"position\":2,\"name\":\"Sklokeramick\u00e9 kachle\"}]},{\"@type\":\"WebSite\",\"@id\":\"https:\\\/\\\/flamen.cz\\\/#website\",\"url\":\"https:\\\/\\\/flamen.cz\\\/\",\"name\":\"Flamen Czech Republic, s.r.o.\",\"description\":\"FLAMEN dov\u00e1\u017e\u00ed a instaluje krby a kamna na d\u0159evo, pelety, plyn \u010di biol\u00edh, a stav\u00ed kom\u00edny.\",\"potentialAction\":[{\"@type\":\"SearchAction\",\"target\":{\"@type\":\"EntryPoint\",\"urlTemplate\":\"https:\\\/\\\/flamen.cz\\\/?s={search_term_string}\"},\"query-input\":{\"@type\":\"PropertyValueSpecification\",\"valueRequired\":true,\"valueName\":\"search_term_string\"}}],\"inLanguage\":\"sk-SK\"}]}<\/script>\n<!-- \/ Yoast SEO plugin. -->","yoast_head_json":{"title":"Sklokeramick\u00e9 kachle | Flamen Czech Republic, s.r.o.","description":"Sklokeramick\u00e9 kachle MAGNA od CB-tec zo 100% recyklovan\u00e9ho skla. Elegantn\u00fd dizajn a oh\u013eaduplnos\u0165 k pr\u00edrode v jednom.","robots":{"index":"index","follow":"follow","max-snippet":"max-snippet:-1","max-image-preview":"max-image-preview:large","max-video-preview":"max-video-preview:-1"},"canonical":"https:\/\/flamen.cz\/sk\/sklokeramicke-kachle\/","og_locale":"sk_SK","og_type":"article","og_title":"Sklokeramick\u00e9 kachle | Flamen Czech Republic, s.r.o.","og_description":"Sklokeramick\u00e9 kachle MAGNA od CB-tec zo 100% recyklovan\u00e9ho skla. Elegantn\u00fd dizajn a oh\u013eaduplnos\u0165 k pr\u00edrode v jednom.","og_url":"https:\/\/flamen.cz\/sk\/sklokeramicke-kachle\/","og_site_name":"Flamen Czech Republic, s.r.o.","article_publisher":"https:\/\/www.facebook.com\/krbyakamnarocal","article_modified_time":"2025-08-12T12:54:19+00:00","og_image":[{"width":2500,"height":1406,"url":"https:\/\/flamen.cz\/wp-content\/uploads\/2025\/06\/CB-tec-MAGNA-Ocean-blue-S30XL.jpg","type":"image\/jpeg"}],"twitter_card":"summary_large_image","twitter_misc":{"Predpokladan\u00fd \u010das \u010d\u00edtania":"1 min\u00fata"},"schema":{"@context":"https:\/\/schema.org","@graph":[{"@type":"WebPage","@id":"https:\/\/flamen.cz\/sk\/sklokeramicke-kachle\/","url":"https:\/\/flamen.cz\/sk\/sklokeramicke-kachle\/","name":"Sklokeramick\u00e9 kachle | Flamen Czech Republic, s.r.o.","isPartOf":{"@id":"https:\/\/flamen.cz\/#website"},"primaryImageOfPage":{"@id":"https:\/\/flamen.cz\/sk\/sklokeramicke-kachle\/#primaryimage"},"image":{"@id":"https:\/\/flamen.cz\/sk\/sklokeramicke-kachle\/#primaryimage"},"thumbnailUrl":"https:\/\/flamen.cz\/wp-content\/uploads\/2025\/06\/CB-tec-MAGNA-Ocean-blue-S30XL.jpg","datePublished":"2025-08-12T09:56:02+00:00","dateModified":"2025-08-12T12:54:19+00:00","description":"Sklokeramick\u00e9 kachle MAGNA od CB-tec zo 100% recyklovan\u00e9ho skla. Elegantn\u00fd dizajn a oh\u013eaduplnos\u0165 k pr\u00edrode v jednom.","breadcrumb":{"@id":"https:\/\/flamen.cz\/sk\/sklokeramicke-kachle\/#breadcrumb"},"inLanguage":"sk-SK","potentialAction":[{"@type":"ReadAction","target":["https:\/\/flamen.cz\/sk\/sklokeramicke-kachle\/"]}]},{"@type":"ImageObject","inLanguage":"sk-SK","@id":"https:\/\/flamen.cz\/sk\/sklokeramicke-kachle\/#primaryimage","url":"https:\/\/flamen.cz\/wp-content\/uploads\/2025\/06\/CB-tec-MAGNA-Ocean-blue-S30XL.jpg","contentUrl":"https:\/\/flamen.cz\/wp-content\/uploads\/2025\/06\/CB-tec-MAGNA-Ocean-blue-S30XL.jpg","width":2500,"height":1406,"caption":"Sklokeramick\u00e1 t\u0159\u00edstrann\u00e1 kamna CB-tec MAGNA v modr\u00e9m designu"},{"@type":"BreadcrumbList","@id":"https:\/\/flamen.cz\/sk\/sklokeramicke-kachle\/#breadcrumb","itemListElement":[{"@type":"ListItem","position":1,"name":"Dom\u016f","item":"https:\/\/flamen.cz\/sk\/"},{"@type":"ListItem","position":2,"name":"Sklokeramick\u00e9 kachle"}]},{"@type":"WebSite","@id":"https:\/\/flamen.cz\/#website","url":"https:\/\/flamen.cz\/","name":"Flamen Czech Republic, s.r.o.","description":"FLAMEN dov\u00e1\u017e\u00ed a instaluje krby a kamna na d\u0159evo, pelety, plyn \u010di biol\u00edh, a stav\u00ed kom\u00edny.","potentialAction":[{"@type":"SearchAction","target":{"@type":"EntryPoint","urlTemplate":"https:\/\/flamen.cz\/?s={search_term_string}"},"query-input":{"@type":"PropertyValueSpecification","valueRequired":true,"valueName":"search_term_string"}}],"inLanguage":"sk-SK"}]}},"_links":{"self":[{"href":"https:\/\/flamen.cz\/sk\/wp-json\/wp\/v2\/pages\/11378","targetHints":{"allow":["GET"]}}],"collection":[{"href":"https:\/\/flamen.cz\/sk\/wp-json\/wp\/v2\/pages"}],"about":[{"href":"https:\/\/flamen.cz\/sk\/wp-json\/wp\/v2\/types\/page"}],"author":[{"embeddable":true,"href":"https:\/\/flamen.cz\/sk\/wp-json\/wp\/v2\/users\/4"}],"replies":[{"embeddable":true,"href":"https:\/\/flamen.cz\/sk\/wp-json\/wp\/v2\/comments?post=11378"}],"version-history":[{"count":2,"href":"https:\/\/flamen.cz\/sk\/wp-json\/wp\/v2\/pages\/11378\/revisions"}],"predecessor-version":[{"id":11380,"href":"https:\/\/flamen.cz\/sk\/wp-json\/wp\/v2\/pages\/11378\/revisions\/11380"}],"wp:featuredmedia":[{"embeddable":true,"href":"https:\/\/flamen.cz\/sk\/wp-json\/wp\/v2\/media\/9087"}],"wp:attachment":[{"href":"https:\/\/flamen.cz\/sk\/wp-json\/wp\/v2\/media?parent=11378"}],"curies":[{"name":"wp","href":"https:\/\/api.w.org\/{rel}","templated":true}]}}